{"id":660,"date":"2024-02-28T20:45:18","date_gmt":"2024-02-28T19:45:18","guid":{"rendered":"https:\/\/www.silvialucchetti.fr\/?page_id=660"},"modified":"2024-08-25T17:59:05","modified_gmt":"2024-08-25T15:59:05","slug":"sophrologie-enfants","status":"publish","type":"page","link":"https:\/\/www.silvialucchetti.fr\/index.php\/sophrologie-enfants\/","title":{"rendered":"Sophrologie Enfants"},"content":{"rendered":"\n<h1 class=\"wp-block-heading\" style=\"font-size:22px\">Sophrologie Enfant \/ Adolescent (de 5 \u00e0 16 ans)<\/h1>\n\n\n\n<hr class=\"wp-block-separator has-alpha-channel-opacity\"\/>\n\n\n\n<div class=\"wp-block-columns has-text-color has-link-color wp-elements-7d4b11191cc7b0aa4cfd187e71c750dc is-layout-flex wp-container-core-columns-is-layout-9d6595d7 wp-block-columns-is-layout-flex\" style=\"color:#070707\">\n<div class=\"wp-block-column is-layout-flow wp-block-column-is-layout-flow\" style=\"flex-basis:66.66%\">\n<p><\/p>\n\n\n\n<p class=\"has-headings-color has-text-color has-link-color wp-elements-f861baa18f05769c5ac40a2b86decfac\" style=\"font-size:14px;font-style:normal;font-weight:100\">La gestion \u00e9motionnelle s\u2019av\u00e8re difficile \u00e0 tout \u00e2ge, d\u2019autant plus pour les enfants et adolescents, qui sont de plus en plus nombreux \u00e0 rencontrer des difficult\u00e9s \u00e9motionnelles, relationnelles dans leur vie familiale et\/ou scolaire.<\/p>\n\n\n\n<p class=\"has-headings-color has-text-color has-link-color wp-elements-5f430d3786e4a11a6fd9e8b49d8f9ca6\" style=\"font-size:14px;font-style:normal;font-weight:100\">Sp\u00e9cialis\u00e9e dans l\u2019accompagnement des Troubles du Neurod\u00e9veloppement (TDA\/H, TSA, DYS), mais aussi HPI, j\u2019aide vos enfants \u00e0 d\u00e9passer les difficult\u00e9s qu\u2019ils peuvent rencontrer au quotidien.<\/p>\n\n\n\n<p class=\"has-headings-color has-text-color has-link-color wp-elements-5ad99f9e840df60161d193736da7369b\" style=\"font-size:14px\">La Sophrologie pour les enfants et les adolescents est une approche ludique de la Sophrologie.<\/p>\n<\/div>\n\n\n\n<div class=\"wp-block-column is-vertically-aligned-center is-layout-flow wp-block-column-is-layout-flow\" style=\"flex-basis:33.33%\"><div class=\"wp-block-image\">\n<figure class=\"alignright size-full is-resized\"><img loading=\"lazy\" decoding=\"async\" width=\"584\" height=\"600\" src=\"https:\/\/www.silvialucchetti.fr\/wp-content\/uploads\/2024\/02\/sophro-enfant2.jpg\" alt=\"\" class=\"wp-image-663\" style=\"width:195px;height:auto\" srcset=\"https:\/\/www.silvialucchetti.fr\/wp-content\/uploads\/2024\/02\/sophro-enfant2.jpg 584w, https:\/\/www.silvialucchetti.fr\/wp-content\/uploads\/2024\/02\/sophro-enfant2-292x300.jpg 292w\" sizes=\"auto, (max-width: 584px) 100vw, 584px\" \/><\/figure>\n<\/div><\/div>\n<\/div>\n\n\n\n<h2 class=\"wp-block-heading\" style=\"font-size:16px\">Quels sont les Objectifs de la Sophrologie pour les enfants et adolescents?<\/h2>\n\n\n\n<div class=\"wp-block-columns is-layout-flex wp-container-core-columns-is-layout-9d6595d7 wp-block-columns-is-layout-flex\">\n<div class=\"wp-block-column is-vertically-aligned-center is-layout-flow wp-block-column-is-layout-flow\" style=\"flex-basis:33.33%\"><div class=\"wp-block-image is-style-rounded\">\n<figure class=\"aligncenter size-full is-resized\"><img loading=\"lazy\" decoding=\"async\" width=\"600\" height=\"600\" src=\"https:\/\/www.silvialucchetti.fr\/wp-content\/uploads\/2024\/02\/objectifs.webp\" alt=\"\" class=\"wp-image-607\" style=\"width:272px;height:auto\" srcset=\"https:\/\/www.silvialucchetti.fr\/wp-content\/uploads\/2024\/02\/objectifs.webp 600w, https:\/\/www.silvialucchetti.fr\/wp-content\/uploads\/2024\/02\/objectifs-300x300.webp 300w, https:\/\/www.silvialucchetti.fr\/wp-content\/uploads\/2024\/02\/objectifs-150x150.webp 150w\" sizes=\"auto, (max-width: 600px) 100vw, 600px\" \/><\/figure>\n<\/div><\/div>\n\n\n\n<div class=\"wp-block-column is-layout-flow wp-block-column-is-layout-flow\" style=\"flex-basis:66.66%\">\n<p class=\"has-headings-color has-text-color has-link-color wp-elements-4b296438975a9c9396780d0862555a21\" style=\"font-size:14px\">Renforcer la confiance en soi<\/p>\n\n\n\n<p class=\"has-headings-color has-text-color has-link-color wp-elements-a0ee9a00ad8848845b26544e20da420b\" style=\"font-size:14px\">Meilleure connaissance et conscience de son sch\u00e9ma corporel<\/p>\n\n\n\n<p class=\"has-headings-color has-text-color has-link-color wp-elements-efbfbd40d2eb17caa9b64f0503f1f1cd\" style=\"font-size:14px\">Se lib\u00e9rer du stress<\/p>\n\n\n\n<p class=\"has-headings-color has-text-color has-link-color wp-elements-067885278f626631193af3877b5e05ce\" style=\"font-size:14px\">Mieux g\u00e9rer ses \u00e9motions, retrouver le calme et s\u2019apaiser<\/p>\n\n\n\n<p class=\"has-headings-color has-text-color has-link-color wp-elements-e81e61fd0fd39769e58856135c21798e\" style=\"font-size:14px\">Renforcer la concentration et la m\u00e9morisation<\/p>\n\n\n\n<p class=\"has-headings-color has-text-color has-link-color wp-elements-952932c13e44d1a4d287784a5eb3d864\" style=\"font-size:14px\">Favoriser l\u2019endormissement et un sommeil de qualit\u00e9<\/p>\n\n\n\n<p class=\"has-headings-color has-text-color has-link-color wp-elements-1d9d27a116fb6f9862ef5b434c3ea848\" style=\"font-size:14px\">Anticiper les situations stressantes<\/p>\n\n\n\n<p class=\"has-headings-color has-text-color has-link-color wp-elements-1377cbf45ec9f1950d353ca3e39adb84\" style=\"font-size:14px\">Se pr\u00e9parer mentalement aux \u00e9valuations et examens<\/p>\n\n\n\n<p class=\"has-headings-color has-text-color has-link-color wp-elements-8adac2e64bd8e943581e34155ef4dd6a\" style=\"font-size:14px\">Se sentir mieux avec soi-m\u00eame et donc avec les autres<\/p>\n<\/div>\n<\/div>\n\n\n\n<h2 class=\"wp-block-heading\" style=\"font-size:16px\">D\u00e9roulement d&rsquo;une s\u00e9ance de Sophrologie enfant \/ adolescent<\/h2>\n\n\n\n<div class=\"wp-block-columns is-layout-flex wp-container-core-columns-is-layout-9d6595d7 wp-block-columns-is-layout-flex\">\n<div class=\"wp-block-column is-layout-flow wp-block-column-is-layout-flow\" style=\"flex-basis:66.66%\">\n<p class=\"has-headings-color has-text-color has-link-color wp-elements-a111fed1f41c5efa7ce6e6ba84a86c46\" style=\"font-size:14px\">Une premi\u00e8re s\u00e9ance sera d\u00e9di\u00e9e \u00e0 l\u2019anamn\u00e8se, nous ferons le point ensemble, avec vous et votre enfant, sur vos probl\u00e9matiques et d\u00e9terminerons les objectifs \u00e0 atteindre.<\/p>\n\n\n\n<p class=\"has-headings-color has-text-color has-link-color wp-elements-e0fb4dd67d17b97b52dfbb94f26b54ed\" style=\"font-size:14px\">Ensuite votre enfant pourra d\u00e9couvrir la sophrologie \u00e0 travers quelques exercices ludiques.<\/p>\n\n\n\n<p class=\"has-headings-color has-text-color has-link-color wp-elements-3dcbee3251d3d417eaa2120ce2240dbf\" style=\"font-size:14px\">Les s\u00e9ances suivantes seront d\u00e9coup\u00e9es en trois temps&nbsp;:<\/p>\n\n\n\n<p class=\"has-headings-color has-text-color has-link-color wp-elements-13f9e20a012f71183345fc14ca6f2c69\" style=\"font-size:14px\">&#8211; Un temps d\u2019accueil et d\u2019\u00e9change avec le parent.<\/p>\n\n\n\n<p class=\"has-headings-color has-text-color has-link-color wp-elements-c03199062d07ed96561ad838f705dde6\" style=\"font-size:14px\">&#8211; Un temps de pratique avec votre enfant durant lequel nous allons faire des exercices de respiration, de relaxation dynamique, des petits jeux pour reconnaitre et g\u00e9rer les \u00e9motions, des exercices de visualisation \u00e0 travers des contes en lien avec l\u2019objectif de la s\u00e9ance.<\/p>\n\n\n\n<p class=\"has-headings-color has-text-color has-link-color wp-elements-03b60ef7b32b7e0e34d03791fd994486\" style=\"font-size:14px\">&#8211; Un temps d\u2019\u00e9change et retour sur la s\u00e9ance.<\/p>\n\n\n\n<p class=\"has-headings-color has-text-color has-link-color wp-elements-f7ece9b65b3df587465a8242dbab2fa2\" style=\"font-size:14px\">Votre enfant partira avec une fiche pratique pour pouvoir refaire les exercices en autonomie \u00e0 la maison.<\/p>\n\n\n\n<p class=\"has-headings-color has-text-color has-link-color wp-elements-312ad21cff90b3f5a99629dc71110674\" style=\"font-size:14px\">La s\u00e9ance dure environ 45 minutes, pouvant aller jusqu\u2019\u00e0 1h, en fonction de la concentration de l\u2019enfant. <\/p>\n\n\n\n<p class=\"has-headings-color has-text-color has-link-color wp-elements-861aa0a639633adabf6f7e37eb808191\" style=\"font-size:14px\">Durant les s\u00e9ances j&rsquo;utilise divers supports ludiques (jeux de cartes, jeux, contes sophrologiques, etc&#8230;)<\/p>\n<\/div>\n\n\n\n<div class=\"wp-block-column is-vertically-aligned-center is-layout-flow wp-block-column-is-layout-flow\" style=\"flex-basis:33.33%\"><div class=\"wp-block-image\">\n<figure class=\"aligncenter size-full is-resized\"><img loading=\"lazy\" decoding=\"async\" width=\"865\" height=\"748\" src=\"https:\/\/www.silvialucchetti.fr\/wp-content\/uploads\/2024\/02\/426197675_382125464627244_6081884626398857210_n.png\" alt=\"\" class=\"wp-image-647\" style=\"width:321px;height:auto\" srcset=\"https:\/\/www.silvialucchetti.fr\/wp-content\/uploads\/2024\/02\/426197675_382125464627244_6081884626398857210_n.png 865w, https:\/\/www.silvialucchetti.fr\/wp-content\/uploads\/2024\/02\/426197675_382125464627244_6081884626398857210_n-300x259.png 300w, https:\/\/www.silvialucchetti.fr\/wp-content\/uploads\/2024\/02\/426197675_382125464627244_6081884626398857210_n-768x664.png 768w, https:\/\/www.silvialucchetti.fr\/wp-content\/uploads\/2024\/02\/426197675_382125464627244_6081884626398857210_n-347x300.png 347w\" sizes=\"auto, (max-width: 865px) 100vw, 865px\" \/><\/figure>\n<\/div><\/div>\n<\/div>\n\n\n\n<h2 class=\"wp-block-heading\" style=\"font-size:16px\">Prenez le Premier Pas vers un Changement Positif<\/h2>\n\n\n\n<div class=\"wp-block-columns is-layout-flex wp-container-core-columns-is-layout-9d6595d7 wp-block-columns-is-layout-flex\">\n<div class=\"wp-block-column is-vertically-aligned-bottom is-layout-flow wp-block-column-is-layout-flow\" style=\"flex-basis:33.33%\">\n<!-- RESALIB BADGE -->\n    <script>(function(d, s, id) {\n    var js, fjs = d.getElementsByTagName(s)[0];\n    if (d.getElementById(id)) return;\n    js = d.createElement(s); js.id = id;\n    js.src = \"https:\/\/www.resalib.fr\/script\/44402\/badge.js\";\n    fjs.parentNode.insertBefore(js, fjs);\n    }(document, \"script\", \"resalib-sdk\"));\n    <\/script>\n    <div class=\"rlb-badge \">\n    <a target=\"_blank\" href=\"https:\/\/www.resalib.fr\/praticien\/44402-silvia-lucchetti-sophrologue-les-avenieres-veyrins-thuellin\" rel=\"noopener\">Retrouvez Silvia LUCCHETTI sur Resalib : annuaire, r\u00e9f\u00e9rencement et prise de rendez-vous pour les Sophrologues<\/a>\n    <\/div>\n    <!-- RESALIB BADGE -->\n<\/div>\n\n\n\n<div class=\"wp-block-column is-layout-flow wp-block-column-is-layout-flow\" style=\"flex-basis:66.66%\">\n<p><\/p>\n\n\n\n<p class=\"has-headings-color has-text-color has-link-color wp-elements-8012042c8b9017e6488931b12f5db1ed\" style=\"font-size:14px\">Contactez-moi d\u00e8s aujourd&rsquo;hui pour r\u00e9server votre consultation initiale et commencez votre voyage vers un mieux-\u00eatre gr\u00e2ce \u00e0 la Sophrologie.<\/p>\n<\/div>\n<\/div>\n\n\n\n<hr class=\"wp-block-separator has-alpha-channel-opacity\"\/>\n\n\n\n<p class=\"has-headings-color has-text-color has-link-color wp-elements-c05df309b990d7084bbffb4ae8132b64\" style=\"font-size:14px\">Mon accompagnement vient en compl\u00e9ment mais ne se substitue en aucun cas \u00e0 un suivi m\u00e9dical.<\/p>\n\n\n\n<hr class=\"wp-block-separator has-alpha-channel-opacity\"\/>\n\n\n\n<div class=\"wp-block-columns is-layout-flex wp-container-core-columns-is-layout-9d6595d7 wp-block-columns-is-layout-flex\">\n<div class=\"wp-block-column is-layout-flow wp-block-column-is-layout-flow\" style=\"flex-basis:66.66%\">\n<h6>Silvia LUCCHETTI EI<br \/>Sophrologue Psychopraticienne<br \/>210 Avenue Jacques GUILLERMAZ<br \/>38630 Les Aveni\u00e8res <br \/>T\u00e9l : 07 66 80 03 72<br \/>Mail : contact@silvialucchetti.fr<\/h6>\n<\/div>\n\n\n\n<div class=\"wp-block-column is-layout-flow wp-block-column-is-layout-flow\"><\/div>\n\n\n\n<div class=\"wp-block-column is-layout-flow wp-block-column-is-layout-flow\" style=\"flex-basis:33.33%\"><div class=\"wp-block-image\">\n<figure class=\"aligncenter size-full is-resized\"><img loading=\"lazy\" decoding=\"async\" width=\"724\" height=\"736\" src=\"http:\/\/www.silvialucchetti.fr\/wp-content\/uploads\/2024\/02\/logo-chambre-syndicale-2.jpg\" alt=\"\" class=\"wp-image-572\" style=\"width:149px;height:auto\" srcset=\"https:\/\/www.silvialucchetti.fr\/wp-content\/uploads\/2024\/02\/logo-chambre-syndicale-2.jpg 724w, https:\/\/www.silvialucchetti.fr\/wp-content\/uploads\/2024\/02\/logo-chambre-syndicale-2-295x300.jpg 295w\" sizes=\"auto, (max-width: 724px) 100vw, 724px\" \/><\/figure>\n<\/div><\/div>\n\n\n\n<div class=\"wp-block-column is-layout-flow wp-block-column-is-layout-flow\" style=\"flex-basis:33.33%\"><div class=\"wp-block-image\">\n<figure class=\"aligncenter size-full is-resized\"><img loading=\"lazy\" decoding=\"async\" width=\"225\" height=\"242\" src=\"http:\/\/www.silvialucchetti.fr\/wp-content\/uploads\/2023\/11\/363486705_2767659760040851_604997100159122941_n.png\" alt=\"\" class=\"wp-image-553\" style=\"width:152px;height:auto\"\/><\/figure>\n<\/div><\/div>\n\n\n\n<div class=\"wp-block-column is-layout-flow wp-block-column-is-layout-flow\" style=\"flex-basis:33.33%\"><div class=\"wp-block-image\">\n<figure class=\"aligncenter size-full is-resized\"><img loading=\"lazy\" decoding=\"async\" width=\"330\" height=\"256\" src=\"http:\/\/www.silvialucchetti.fr\/wp-content\/uploads\/2024\/02\/Badge-RNCP.png\" alt=\"\" class=\"wp-image-573\" style=\"width:180px;height:auto\" srcset=\"https:\/\/www.silvialucchetti.fr\/wp-content\/uploads\/2024\/02\/Badge-RNCP.png 330w, https:\/\/www.silvialucchetti.fr\/wp-content\/uploads\/2024\/02\/Badge-RNCP-300x233.png 300w\" sizes=\"auto, (max-width: 330px) 100vw, 330px\" \/><\/figure>\n<\/div><\/div>\n<\/div>\n","protected":false},"excerpt":{"rendered":"<p>Sophrologie Enfant \/ Adolescent (de 5 \u00e0 16 ans) La gestion \u00e9motionnelle s\u2019av\u00e8re difficile \u00e0 tout \u00e2ge, d\u2019autant plus pour les enfants et adolescents, qui &hellip;<\/p>\n","protected":false},"author":1,"featured_media":0,"parent":0,"menu_order":0,"comment_status":"closed","ping_status":"closed","template":"","meta":{"_ti_tpc_template_sync":false,"_ti_tpc_template_id":"","footnotes":""},"class_list":["post-660","page","type-page","status-publish","hentry"],"yoast_head":"<!-- This site is optimized with the Yoast SEO plugin v25.8 - https:\/\/yoast.com\/wordpress\/plugins\/seo\/ -->\n<title>Sophrologie Enfants -<\/title>\n<meta name=\"robots\" content=\"index, follow, max-snippet:-1, max-image-preview:large, max-video-preview:-1\" \/>\n<link rel=\"canonical\" href=\"https:\/\/www.silvialucchetti.fr\/index.php\/sophrologie-enfants\/\" \/>\n<meta property=\"og:locale\" content=\"fr_FR\" \/>\n<meta property=\"og:type\" content=\"article\" \/>\n<meta property=\"og:title\" content=\"Sophrologie Enfants -\" \/>\n<meta property=\"og:description\" content=\"Sophrologie Enfant \/ Adolescent (de 5 \u00e0 16 ans) La gestion \u00e9motionnelle s\u2019av\u00e8re difficile \u00e0 tout \u00e2ge, d\u2019autant plus pour les enfants et adolescents, qui &hellip;\" \/>\n<meta property=\"og:url\" content=\"https:\/\/www.silvialucchetti.fr\/index.php\/sophrologie-enfants\/\" \/>\n<meta property=\"article:publisher\" content=\"https:\/\/www.facebook.com\/psysl\" \/>\n<meta property=\"article:modified_time\" content=\"2024-08-25T15:59:05+00:00\" \/>\n<meta property=\"og:image\" content=\"https:\/\/www.silvialucchetti.fr\/wp-content\/uploads\/2024\/02\/sophro-enfant2.jpg\" \/>\n<meta name=\"twitter:card\" content=\"summary_large_image\" \/>\n<meta name=\"twitter:label1\" content=\"Dur\u00e9e de lecture estim\u00e9e\" \/>\n\t<meta name=\"twitter:data1\" content=\"4 minutes\" \/>\n<script type=\"application\/ld+json\" class=\"yoast-schema-graph\">{\"@context\":\"https:\/\/schema.org\",\"@graph\":[{\"@type\":\"WebPage\",\"@id\":\"https:\/\/www.silvialucchetti.fr\/index.php\/sophrologie-enfants\/\",\"url\":\"https:\/\/www.silvialucchetti.fr\/index.php\/sophrologie-enfants\/\",\"name\":\"Sophrologie Enfants -\",\"isPartOf\":{\"@id\":\"https:\/\/www.silvialucchetti.fr\/#website\"},\"primaryImageOfPage\":{\"@id\":\"https:\/\/www.silvialucchetti.fr\/index.php\/sophrologie-enfants\/#primaryimage\"},\"image\":{\"@id\":\"https:\/\/www.silvialucchetti.fr\/index.php\/sophrologie-enfants\/#primaryimage\"},\"thumbnailUrl\":\"https:\/\/www.silvialucchetti.fr\/wp-content\/uploads\/2024\/02\/sophro-enfant2.jpg\",\"datePublished\":\"2024-02-28T19:45:18+00:00\",\"dateModified\":\"2024-08-25T15:59:05+00:00\",\"breadcrumb\":{\"@id\":\"https:\/\/www.silvialucchetti.fr\/index.php\/sophrologie-enfants\/#breadcrumb\"},\"inLanguage\":\"fr-FR\",\"potentialAction\":[{\"@type\":\"ReadAction\",\"target\":[\"https:\/\/www.silvialucchetti.fr\/index.php\/sophrologie-enfants\/\"]}]},{\"@type\":\"ImageObject\",\"inLanguage\":\"fr-FR\",\"@id\":\"https:\/\/www.silvialucchetti.fr\/index.php\/sophrologie-enfants\/#primaryimage\",\"url\":\"https:\/\/www.silvialucchetti.fr\/wp-content\/uploads\/2024\/02\/sophro-enfant2.jpg\",\"contentUrl\":\"https:\/\/www.silvialucchetti.fr\/wp-content\/uploads\/2024\/02\/sophro-enfant2.jpg\",\"width\":584,\"height\":600},{\"@type\":\"BreadcrumbList\",\"@id\":\"https:\/\/www.silvialucchetti.fr\/index.php\/sophrologie-enfants\/#breadcrumb\",\"itemListElement\":[{\"@type\":\"ListItem\",\"position\":1,\"name\":\"Accueil\",\"item\":\"https:\/\/www.silvialucchetti.fr\/\"},{\"@type\":\"ListItem\",\"position\":2,\"name\":\"Sophrologie Enfants\"}]},{\"@type\":\"WebSite\",\"@id\":\"https:\/\/www.silvialucchetti.fr\/#website\",\"url\":\"https:\/\/www.silvialucchetti.fr\/\",\"name\":\"\",\"description\":\"\",\"potentialAction\":[{\"@type\":\"SearchAction\",\"target\":{\"@type\":\"EntryPoint\",\"urlTemplate\":\"https:\/\/www.silvialucchetti.fr\/?s={search_term_string}\"},\"query-input\":{\"@type\":\"PropertyValueSpecification\",\"valueRequired\":true,\"valueName\":\"search_term_string\"}}],\"inLanguage\":\"fr-FR\"}]}<\/script>\n<!-- \/ Yoast SEO plugin. -->","yoast_head_json":{"title":"Sophrologie Enfants -","robots":{"index":"index","follow":"follow","max-snippet":"max-snippet:-1","max-image-preview":"max-image-preview:large","max-video-preview":"max-video-preview:-1"},"canonical":"https:\/\/www.silvialucchetti.fr\/index.php\/sophrologie-enfants\/","og_locale":"fr_FR","og_type":"article","og_title":"Sophrologie Enfants -","og_description":"Sophrologie Enfant \/ Adolescent (de 5 \u00e0 16 ans) La gestion \u00e9motionnelle s\u2019av\u00e8re difficile \u00e0 tout \u00e2ge, d\u2019autant plus pour les enfants et adolescents, qui &hellip;","og_url":"https:\/\/www.silvialucchetti.fr\/index.php\/sophrologie-enfants\/","article_publisher":"https:\/\/www.facebook.com\/psysl","article_modified_time":"2024-08-25T15:59:05+00:00","og_image":[{"url":"https:\/\/www.silvialucchetti.fr\/wp-content\/uploads\/2024\/02\/sophro-enfant2.jpg","type":"","width":"","height":""}],"twitter_card":"summary_large_image","twitter_misc":{"Dur\u00e9e de lecture estim\u00e9e":"4 minutes"},"schema":{"@context":"https:\/\/schema.org","@graph":[{"@type":"WebPage","@id":"https:\/\/www.silvialucchetti.fr\/index.php\/sophrologie-enfants\/","url":"https:\/\/www.silvialucchetti.fr\/index.php\/sophrologie-enfants\/","name":"Sophrologie Enfants -","isPartOf":{"@id":"https:\/\/www.silvialucchetti.fr\/#website"},"primaryImageOfPage":{"@id":"https:\/\/www.silvialucchetti.fr\/index.php\/sophrologie-enfants\/#primaryimage"},"image":{"@id":"https:\/\/www.silvialucchetti.fr\/index.php\/sophrologie-enfants\/#primaryimage"},"thumbnailUrl":"https:\/\/www.silvialucchetti.fr\/wp-content\/uploads\/2024\/02\/sophro-enfant2.jpg","datePublished":"2024-02-28T19:45:18+00:00","dateModified":"2024-08-25T15:59:05+00:00","breadcrumb":{"@id":"https:\/\/www.silvialucchetti.fr\/index.php\/sophrologie-enfants\/#breadcrumb"},"inLanguage":"fr-FR","potentialAction":[{"@type":"ReadAction","target":["https:\/\/www.silvialucchetti.fr\/index.php\/sophrologie-enfants\/"]}]},{"@type":"ImageObject","inLanguage":"fr-FR","@id":"https:\/\/www.silvialucchetti.fr\/index.php\/sophrologie-enfants\/#primaryimage","url":"https:\/\/www.silvialucchetti.fr\/wp-content\/uploads\/2024\/02\/sophro-enfant2.jpg","contentUrl":"https:\/\/www.silvialucchetti.fr\/wp-content\/uploads\/2024\/02\/sophro-enfant2.jpg","width":584,"height":600},{"@type":"BreadcrumbList","@id":"https:\/\/www.silvialucchetti.fr\/index.php\/sophrologie-enfants\/#breadcrumb","itemListElement":[{"@type":"ListItem","position":1,"name":"Accueil","item":"https:\/\/www.silvialucchetti.fr\/"},{"@type":"ListItem","position":2,"name":"Sophrologie Enfants"}]},{"@type":"WebSite","@id":"https:\/\/www.silvialucchetti.fr\/#website","url":"https:\/\/www.silvialucchetti.fr\/","name":"","description":"","potentialAction":[{"@type":"SearchAction","target":{"@type":"EntryPoint","urlTemplate":"https:\/\/www.silvialucchetti.fr\/?s={search_term_string}"},"query-input":{"@type":"PropertyValueSpecification","valueRequired":true,"valueName":"search_term_string"}}],"inLanguage":"fr-FR"}]}},"_links":{"self":[{"href":"https:\/\/www.silvialucchetti.fr\/index.php\/wp-json\/wp\/v2\/pages\/660","targetHints":{"allow":["GET"]}}],"collection":[{"href":"https:\/\/www.silvialucchetti.fr\/index.php\/wp-json\/wp\/v2\/pages"}],"about":[{"href":"https:\/\/www.silvialucchetti.fr\/index.php\/wp-json\/wp\/v2\/types\/page"}],"author":[{"embeddable":true,"href":"https:\/\/www.silvialucchetti.fr\/index.php\/wp-json\/wp\/v2\/users\/1"}],"replies":[{"embeddable":true,"href":"https:\/\/www.silvialucchetti.fr\/index.php\/wp-json\/wp\/v2\/comments?post=660"}],"version-history":[{"count":12,"href":"https:\/\/www.silvialucchetti.fr\/index.php\/wp-json\/wp\/v2\/pages\/660\/revisions"}],"predecessor-version":[{"id":881,"href":"https:\/\/www.silvialucchetti.fr\/index.php\/wp-json\/wp\/v2\/pages\/660\/revisions\/881"}],"wp:attachment":[{"href":"https:\/\/www.silvialucchetti.fr\/index.php\/wp-json\/wp\/v2\/media?parent=660"}],"curies":[{"name":"wp","href":"https:\/\/api.w.org\/{rel}","templated":true}]}}