{"id":745,"date":"2024-03-03T15:51:32","date_gmt":"2024-03-03T14:51:32","guid":{"rendered":"https:\/\/www.silvialucchetti.fr\/?page_id=745"},"modified":"2024-08-25T18:28:22","modified_gmt":"2024-08-25T16:28:22","slug":"habiletes-sociales","status":"publish","type":"page","link":"https:\/\/www.silvialucchetti.fr\/index.php\/habiletes-sociales\/","title":{"rendered":"Habilet\u00e9s Sociales"},"content":{"rendered":"\n<h1 class=\"wp-block-heading\" style=\"font-size:22px\">Les Habilet\u00e9s Sociales<\/h1>\n\n\n\n<div class=\"wp-block-columns is-layout-flex wp-container-core-columns-is-layout-9d6595d7 wp-block-columns-is-layout-flex\">\n<div class=\"wp-block-column is-layout-flow wp-block-column-is-layout-flow\" style=\"flex-basis:100%\">\n<div class=\"wp-block-columns has-text-color has-link-color wp-elements-93fe564d9cb232e5b75a524c65b9baa9 is-layout-flex wp-container-core-columns-is-layout-9d6595d7 wp-block-columns-is-layout-flex\" style=\"color:#070707\">\n<div class=\"wp-block-column is-layout-flow wp-block-column-is-layout-flow\" style=\"flex-basis:66%\">\n<p class=\"has-headings-color has-text-color has-link-color wp-elements-0d3158e25d52c2c24f2ff07ea153d38d\" style=\"font-size:14px\">De nombreuses pathologies issues des troubles du neuro-d\u00e9veloppement (TND) peuvent aboutir \u00e0 des difficult\u00e9s dans les interactions sociales, g\u00e9n\u00e9rant un mal-\u00eatre important. Les Troubles du Spectre de l\u2019Autisme (TSA) sont les plus concern\u00e9s mais d\u2019autres troubles tels que le Trouble D\u00e9ficitaire de l\u2019Attention avec ou sans hyperactivit\u00e9 (TDAH), le Haut Potentiel Intellectuel (HPI) sont \u00e9galement concern\u00e9s. Les habilet\u00e9s sociales sont sp\u00e9cialement con\u00e7us pour aider les enfants \u00e0 partir de 5 ans et les adolescents, qui rencontrent des difficult\u00e9s dans leurs interactions sociales, \u00e0 naviguer avec confiance et succ\u00e8s dans le monde social qui les entoure. Elles fournissent les cl\u00e9s et les outils pour interagir avec les autres, de mani\u00e8re appropri\u00e9e et faciliter le quotidien.<\/p>\n\n\n\n<p class=\"has-headings-color has-text-color has-link-color wp-elements-4fd58cbfef8a2b7a9fbb65faff4d8a83\" style=\"font-size:14px\">Les Habilet\u00e9s sociales peuvent se travailler en groupe homog\u00e8ne ou en suivi individuel.<\/p>\n<\/div>\n\n\n\n<div class=\"wp-block-column is-layout-flow wp-block-column-is-layout-flow\" style=\"flex-basis:33%\"><\/div>\n<\/div>\n\n\n\n<h2 class=\"wp-block-heading\" style=\"font-size:16px\">S\u00e9ances individuelles<\/h2>\n\n\n\n<div class=\"wp-block-group\"><div class=\"wp-block-group__inner-container is-layout-constrained wp-block-group-is-layout-constrained\">\n<div class=\"wp-block-columns is-layout-flex wp-container-core-columns-is-layout-9d6595d7 wp-block-columns-is-layout-flex\">\n<div class=\"wp-block-column is-vertically-aligned-center is-layout-flow wp-block-column-is-layout-flow\" style=\"flex-basis:33.33%\"><div class=\"wp-block-image is-style-rounded\">\n<figure class=\"aligncenter size-full is-resized\"><img loading=\"lazy\" decoding=\"async\" width=\"569\" height=\"516\" src=\"https:\/\/www.silvialucchetti.fr\/wp-content\/uploads\/2024\/03\/groupe2.png\" alt=\"\" class=\"wp-image-747\" style=\"width:193px;height:auto\" srcset=\"https:\/\/www.silvialucchetti.fr\/wp-content\/uploads\/2024\/03\/groupe2.png 569w, https:\/\/www.silvialucchetti.fr\/wp-content\/uploads\/2024\/03\/groupe2-300x272.png 300w, https:\/\/www.silvialucchetti.fr\/wp-content\/uploads\/2024\/03\/groupe2-331x300.png 331w\" sizes=\"auto, (max-width: 569px) 100vw, 569px\" \/><\/figure>\n<\/div><\/div>\n\n\n\n<div class=\"wp-block-column is-layout-flow wp-block-column-is-layout-flow\" style=\"flex-basis:66.66%\">\n<p><\/p>\n\n\n\n<p class=\"has-headings-color has-text-color has-link-color wp-elements-540f1a609032e6a9192cd09a51177402\" style=\"font-size:14px\">Il s\u2019agit d\u2019un accompagnement individualis\u00e9, dans les cas o\u00f9 l\u2019enfant ou l\u2019adolescent n\u2019est pas encore pr\u00eat \u00e0 int\u00e9grer un groupe.<\/p>\n\n\n\n<p class=\"has-headings-color has-text-color has-link-color wp-elements-f859b3d46fa799591ebae7be95646395\" style=\"font-size:14px\">Le suivi se fait en collaboration avec la famille, pour que le travail puisse se poursuivre \u00e0 la maison, mais aussi avec les \u00e9ventuels autres professionnels qui accompagnent votre enfant au niveau m\u00e9dical ou scolaire.<\/p>\n\n\n\n<p class=\"has-headings-color has-text-color has-link-color wp-elements-a4943e0902b9f4b2ed83a8dc803d16ed\">.<\/p>\n\n\n\n<p><\/p>\n<\/div>\n<\/div>\n<\/div><\/div>\n\n\n\n<hr class=\"wp-block-separator has-alpha-channel-opacity\"\/>\n\n\n\n<h2 class=\"wp-block-heading\" style=\"font-size:16px\">Groupes d&rsquo;Habilet\u00e9s Sociales<\/h2>\n\n\n\n<div class=\"wp-block-columns is-layout-flex wp-container-core-columns-is-layout-9d6595d7 wp-block-columns-is-layout-flex\">\n<div class=\"wp-block-column is-layout-flow wp-block-column-is-layout-flow\" style=\"flex-basis:66.66%\">\n<p><\/p>\n\n\n\n<p class=\"has-headings-color has-text-color has-link-color wp-elements-1ceca7ff24ad5f51dd2bd91231b5a479\" style=\"font-size:14px\">Constitution de groupes homog\u00e8nes au cours de l&rsquo;ann\u00e9e, jusqu&rsquo;\u00e0 4 participants par groupe.<\/p>\n\n\n\n<p class=\"has-headings-color has-text-color has-link-color wp-elements-d7b20dad6ffafb4597209390951cb690\" style=\"font-size:14px\">Des rencontres r\u00e9guli\u00e8res, avec un suivi et des outils \u00e0 utiliser entre les s\u00e9ances.<\/p>\n<\/div>\n\n\n\n<div class=\"wp-block-column is-vertically-aligned-center is-layout-flow wp-block-column-is-layout-flow\" style=\"flex-basis:33.33%\"><div class=\"wp-block-image is-style-rounded\">\n<figure class=\"aligncenter size-full is-resized\"><img loading=\"lazy\" decoding=\"async\" width=\"982\" height=\"668\" src=\"https:\/\/www.silvialucchetti.fr\/wp-content\/uploads\/2024\/03\/groupe1.png\" alt=\"\" class=\"wp-image-746\" style=\"width:284px;height:auto\" srcset=\"https:\/\/www.silvialucchetti.fr\/wp-content\/uploads\/2024\/03\/groupe1.png 982w, https:\/\/www.silvialucchetti.fr\/wp-content\/uploads\/2024\/03\/groupe1-300x204.png 300w, https:\/\/www.silvialucchetti.fr\/wp-content\/uploads\/2024\/03\/groupe1-768x522.png 768w, https:\/\/www.silvialucchetti.fr\/wp-content\/uploads\/2024\/03\/groupe1-441x300.png 441w\" sizes=\"auto, (max-width: 982px) 100vw, 982px\" \/><\/figure>\n<\/div><\/div>\n<\/div>\n\n\n\n<p class=\"has-text-align-left has-headings-color has-text-color has-link-color has-normal-font-size wp-elements-221a26959b6cf609181a776bbb644188\"><\/p>\n\n\n\n<h2 class=\"wp-block-heading\" style=\"font-size:16px\">Faites le Premier Pas<\/h2>\n\n\n\n<div class=\"wp-block-columns is-layout-flex wp-container-core-columns-is-layout-9d6595d7 wp-block-columns-is-layout-flex\">\n<div class=\"wp-block-column is-vertically-aligned-bottom is-layout-flow wp-block-column-is-layout-flow\" style=\"flex-basis:33.33%\">\n<!-- RESALIB BADGE -->\n    <script>(function(d, s, id) {\n    var js, fjs = d.getElementsByTagName(s)[0];\n    if (d.getElementById(id)) return;\n    js = d.createElement(s); js.id = id;\n    js.src = \"https:\/\/www.resalib.fr\/script\/44402\/badge.js\";\n    fjs.parentNode.insertBefore(js, fjs);\n    }(document, \"script\", \"resalib-sdk\"));\n    <\/script>\n    <div class=\"rlb-badge \">\n    <a target=\"_blank\" href=\"https:\/\/www.resalib.fr\/praticien\/44402-silvia-lucchetti-sophrologue-les-avenieres-veyrins-thuellin\" rel=\"noopener\">Retrouvez Silvia LUCCHETTI sur Resalib : annuaire, r\u00e9f\u00e9rencement et prise de rendez-vous pour les Sophrologues<\/a>\n    <\/div>\n    <!-- RESALIB BADGE -->\n<\/div>\n\n\n\n<div class=\"wp-block-column is-layout-flow wp-block-column-is-layout-flow\" style=\"flex-basis:66.66%\">\n<p><\/p>\n\n\n\n<p class=\"has-headings-color has-text-color has-link-color wp-elements-b517ba3cad7146d17f24a83bd69d91fa\" style=\"font-size:14px\">Que ce soit pour un suivi individualis\u00e9 ou en groupe d&rsquo;Habilet\u00e9s Sociales, contactez-moi d\u00e8s aujourd&rsquo;hui pour r\u00e9server votre consultation initiale.<\/p>\n<\/div>\n<\/div>\n\n\n\n<hr class=\"wp-block-separator has-alpha-channel-opacity\"\/>\n\n\n\n<p class=\"has-headings-color has-text-color has-link-color wp-elements-94443b6eb68e906d7a3d7d0b73fef12a\" style=\"font-size:14px;font-style:normal;font-weight:600\">Mon accompagnement vient en compl\u00e9ment mais ne se substitue en aucun cas \u00e0 un suivi m\u00e9dical.<\/p>\n\n\n\n<hr class=\"wp-block-separator has-alpha-channel-opacity\"\/>\n\n\n\n<div class=\"wp-block-columns is-layout-flex wp-container-core-columns-is-layout-9d6595d7 wp-block-columns-is-layout-flex\">\n<div class=\"wp-block-column is-layout-flow wp-block-column-is-layout-flow\" style=\"flex-basis:66.66%\">\n<h6>Silvia LUCCHETTI EI<br \/>Sophrologue Psychopraticienne<br \/>210 Avenue Jacques GUILLERMAZ<br \/>38630 Les Aveni\u00e8res <br \/>T\u00e9l : 07 66 80 03 72<br \/>Mail : contact@silvialucchetti.fr<\/h6>\n<\/div>\n\n\n\n<div class=\"wp-block-column is-layout-flow wp-block-column-is-layout-flow\"><\/div>\n\n\n\n<div class=\"wp-block-column is-layout-flow wp-block-column-is-layout-flow\" style=\"flex-basis:33.33%\"><div class=\"wp-block-image\">\n<figure class=\"aligncenter size-full is-resized\"><img loading=\"lazy\" decoding=\"async\" width=\"724\" height=\"736\" src=\"http:\/\/www.silvialucchetti.fr\/wp-content\/uploads\/2024\/02\/logo-chambre-syndicale-2.jpg\" alt=\"\" class=\"wp-image-572\" style=\"width:99px;height:auto\" srcset=\"https:\/\/www.silvialucchetti.fr\/wp-content\/uploads\/2024\/02\/logo-chambre-syndicale-2.jpg 724w, https:\/\/www.silvialucchetti.fr\/wp-content\/uploads\/2024\/02\/logo-chambre-syndicale-2-295x300.jpg 295w\" sizes=\"auto, (max-width: 724px) 100vw, 724px\" \/><\/figure>\n<\/div><\/div>\n\n\n\n<div class=\"wp-block-column is-layout-flow wp-block-column-is-layout-flow\" style=\"flex-basis:33.33%\"><div class=\"wp-block-image\">\n<figure class=\"aligncenter size-full is-resized\"><img loading=\"lazy\" decoding=\"async\" width=\"225\" height=\"242\" src=\"http:\/\/www.silvialucchetti.fr\/wp-content\/uploads\/2023\/11\/363486705_2767659760040851_604997100159122941_n.png\" alt=\"\" class=\"wp-image-553\" style=\"width:99px;height:auto\"\/><\/figure>\n<\/div><\/div>\n\n\n\n<div class=\"wp-block-column is-layout-flow wp-block-column-is-layout-flow\" style=\"flex-basis:33.33%\"><div class=\"wp-block-image\">\n<figure class=\"aligncenter size-full is-resized\"><img loading=\"lazy\" decoding=\"async\" width=\"330\" height=\"256\" src=\"http:\/\/www.silvialucchetti.fr\/wp-content\/uploads\/2024\/02\/Badge-RNCP.png\" alt=\"\" class=\"wp-image-573\" style=\"width:139px;height:auto\" srcset=\"https:\/\/www.silvialucchetti.fr\/wp-content\/uploads\/2024\/02\/Badge-RNCP.png 330w, https:\/\/www.silvialucchetti.fr\/wp-content\/uploads\/2024\/02\/Badge-RNCP-300x233.png 300w\" sizes=\"auto, (max-width: 330px) 100vw, 330px\" \/><\/figure>\n<\/div><\/div>\n<\/div>\n<\/div>\n<\/div>\n","protected":false},"excerpt":{"rendered":"<p>Les Habilet\u00e9s Sociales De nombreuses pathologies issues des troubles du neuro-d\u00e9veloppement (TND) peuvent aboutir \u00e0 des difficult\u00e9s dans les interactions sociales, g\u00e9n\u00e9rant un mal-\u00eatre important. &hellip;<\/p>\n","protected":false},"author":1,"featured_media":0,"parent":0,"menu_order":0,"comment_status":"closed","ping_status":"closed","template":"","meta":{"_ti_tpc_template_sync":false,"_ti_tpc_template_id":"","footnotes":""},"class_list":["post-745","page","type-page","status-publish","hentry"],"yoast_head":"<!-- This site is optimized with the Yoast SEO plugin v25.8 - https:\/\/yoast.com\/wordpress\/plugins\/seo\/ -->\n<title>Habilet\u00e9s Sociales -<\/title>\n<meta name=\"robots\" content=\"index, follow, max-snippet:-1, max-image-preview:large, max-video-preview:-1\" \/>\n<link rel=\"canonical\" href=\"https:\/\/www.silvialucchetti.fr\/index.php\/habiletes-sociales\/\" \/>\n<meta property=\"og:locale\" content=\"fr_FR\" \/>\n<meta property=\"og:type\" content=\"article\" \/>\n<meta property=\"og:title\" content=\"Habilet\u00e9s Sociales -\" \/>\n<meta property=\"og:description\" content=\"Les Habilet\u00e9s Sociales De nombreuses pathologies issues des troubles du neuro-d\u00e9veloppement (TND) peuvent aboutir \u00e0 des difficult\u00e9s dans les interactions sociales, g\u00e9n\u00e9rant un mal-\u00eatre important. &hellip;\" \/>\n<meta property=\"og:url\" content=\"https:\/\/www.silvialucchetti.fr\/index.php\/habiletes-sociales\/\" \/>\n<meta property=\"article:publisher\" content=\"https:\/\/www.facebook.com\/psysl\" \/>\n<meta property=\"article:modified_time\" content=\"2024-08-25T16:28:22+00:00\" \/>\n<meta property=\"og:image\" content=\"https:\/\/www.silvialucchetti.fr\/wp-content\/uploads\/2024\/03\/groupe2.png\" \/>\n<meta name=\"twitter:card\" content=\"summary_large_image\" \/>\n<meta name=\"twitter:label1\" content=\"Dur\u00e9e de lecture estim\u00e9e\" \/>\n\t<meta name=\"twitter:data1\" content=\"3 minutes\" \/>\n<script type=\"application\/ld+json\" class=\"yoast-schema-graph\">{\"@context\":\"https:\/\/schema.org\",\"@graph\":[{\"@type\":\"WebPage\",\"@id\":\"https:\/\/www.silvialucchetti.fr\/index.php\/habiletes-sociales\/\",\"url\":\"https:\/\/www.silvialucchetti.fr\/index.php\/habiletes-sociales\/\",\"name\":\"Habilet\u00e9s Sociales -\",\"isPartOf\":{\"@id\":\"https:\/\/www.silvialucchetti.fr\/#website\"},\"primaryImageOfPage\":{\"@id\":\"https:\/\/www.silvialucchetti.fr\/index.php\/habiletes-sociales\/#primaryimage\"},\"image\":{\"@id\":\"https:\/\/www.silvialucchetti.fr\/index.php\/habiletes-sociales\/#primaryimage\"},\"thumbnailUrl\":\"https:\/\/www.silvialucchetti.fr\/wp-content\/uploads\/2024\/03\/groupe2.png\",\"datePublished\":\"2024-03-03T14:51:32+00:00\",\"dateModified\":\"2024-08-25T16:28:22+00:00\",\"breadcrumb\":{\"@id\":\"https:\/\/www.silvialucchetti.fr\/index.php\/habiletes-sociales\/#breadcrumb\"},\"inLanguage\":\"fr-FR\",\"potentialAction\":[{\"@type\":\"ReadAction\",\"target\":[\"https:\/\/www.silvialucchetti.fr\/index.php\/habiletes-sociales\/\"]}]},{\"@type\":\"ImageObject\",\"inLanguage\":\"fr-FR\",\"@id\":\"https:\/\/www.silvialucchetti.fr\/index.php\/habiletes-sociales\/#primaryimage\",\"url\":\"https:\/\/www.silvialucchetti.fr\/wp-content\/uploads\/2024\/03\/groupe2.png\",\"contentUrl\":\"https:\/\/www.silvialucchetti.fr\/wp-content\/uploads\/2024\/03\/groupe2.png\",\"width\":569,\"height\":516},{\"@type\":\"BreadcrumbList\",\"@id\":\"https:\/\/www.silvialucchetti.fr\/index.php\/habiletes-sociales\/#breadcrumb\",\"itemListElement\":[{\"@type\":\"ListItem\",\"position\":1,\"name\":\"Accueil\",\"item\":\"https:\/\/www.silvialucchetti.fr\/\"},{\"@type\":\"ListItem\",\"position\":2,\"name\":\"Habilet\u00e9s Sociales\"}]},{\"@type\":\"WebSite\",\"@id\":\"https:\/\/www.silvialucchetti.fr\/#website\",\"url\":\"https:\/\/www.silvialucchetti.fr\/\",\"name\":\"\",\"description\":\"\",\"potentialAction\":[{\"@type\":\"SearchAction\",\"target\":{\"@type\":\"EntryPoint\",\"urlTemplate\":\"https:\/\/www.silvialucchetti.fr\/?s={search_term_string}\"},\"query-input\":{\"@type\":\"PropertyValueSpecification\",\"valueRequired\":true,\"valueName\":\"search_term_string\"}}],\"inLanguage\":\"fr-FR\"}]}<\/script>\n<!-- \/ Yoast SEO plugin. -->","yoast_head_json":{"title":"Habilet\u00e9s Sociales -","robots":{"index":"index","follow":"follow","max-snippet":"max-snippet:-1","max-image-preview":"max-image-preview:large","max-video-preview":"max-video-preview:-1"},"canonical":"https:\/\/www.silvialucchetti.fr\/index.php\/habiletes-sociales\/","og_locale":"fr_FR","og_type":"article","og_title":"Habilet\u00e9s Sociales -","og_description":"Les Habilet\u00e9s Sociales De nombreuses pathologies issues des troubles du neuro-d\u00e9veloppement (TND) peuvent aboutir \u00e0 des difficult\u00e9s dans les interactions sociales, g\u00e9n\u00e9rant un mal-\u00eatre important. &hellip;","og_url":"https:\/\/www.silvialucchetti.fr\/index.php\/habiletes-sociales\/","article_publisher":"https:\/\/www.facebook.com\/psysl","article_modified_time":"2024-08-25T16:28:22+00:00","og_image":[{"url":"https:\/\/www.silvialucchetti.fr\/wp-content\/uploads\/2024\/03\/groupe2.png","type":"","width":"","height":""}],"twitter_card":"summary_large_image","twitter_misc":{"Dur\u00e9e de lecture estim\u00e9e":"3 minutes"},"schema":{"@context":"https:\/\/schema.org","@graph":[{"@type":"WebPage","@id":"https:\/\/www.silvialucchetti.fr\/index.php\/habiletes-sociales\/","url":"https:\/\/www.silvialucchetti.fr\/index.php\/habiletes-sociales\/","name":"Habilet\u00e9s Sociales -","isPartOf":{"@id":"https:\/\/www.silvialucchetti.fr\/#website"},"primaryImageOfPage":{"@id":"https:\/\/www.silvialucchetti.fr\/index.php\/habiletes-sociales\/#primaryimage"},"image":{"@id":"https:\/\/www.silvialucchetti.fr\/index.php\/habiletes-sociales\/#primaryimage"},"thumbnailUrl":"https:\/\/www.silvialucchetti.fr\/wp-content\/uploads\/2024\/03\/groupe2.png","datePublished":"2024-03-03T14:51:32+00:00","dateModified":"2024-08-25T16:28:22+00:00","breadcrumb":{"@id":"https:\/\/www.silvialucchetti.fr\/index.php\/habiletes-sociales\/#breadcrumb"},"inLanguage":"fr-FR","potentialAction":[{"@type":"ReadAction","target":["https:\/\/www.silvialucchetti.fr\/index.php\/habiletes-sociales\/"]}]},{"@type":"ImageObject","inLanguage":"fr-FR","@id":"https:\/\/www.silvialucchetti.fr\/index.php\/habiletes-sociales\/#primaryimage","url":"https:\/\/www.silvialucchetti.fr\/wp-content\/uploads\/2024\/03\/groupe2.png","contentUrl":"https:\/\/www.silvialucchetti.fr\/wp-content\/uploads\/2024\/03\/groupe2.png","width":569,"height":516},{"@type":"BreadcrumbList","@id":"https:\/\/www.silvialucchetti.fr\/index.php\/habiletes-sociales\/#breadcrumb","itemListElement":[{"@type":"ListItem","position":1,"name":"Accueil","item":"https:\/\/www.silvialucchetti.fr\/"},{"@type":"ListItem","position":2,"name":"Habilet\u00e9s Sociales"}]},{"@type":"WebSite","@id":"https:\/\/www.silvialucchetti.fr\/#website","url":"https:\/\/www.silvialucchetti.fr\/","name":"","description":"","potentialAction":[{"@type":"SearchAction","target":{"@type":"EntryPoint","urlTemplate":"https:\/\/www.silvialucchetti.fr\/?s={search_term_string}"},"query-input":{"@type":"PropertyValueSpecification","valueRequired":true,"valueName":"search_term_string"}}],"inLanguage":"fr-FR"}]}},"_links":{"self":[{"href":"https:\/\/www.silvialucchetti.fr\/index.php\/wp-json\/wp\/v2\/pages\/745","targetHints":{"allow":["GET"]}}],"collection":[{"href":"https:\/\/www.silvialucchetti.fr\/index.php\/wp-json\/wp\/v2\/pages"}],"about":[{"href":"https:\/\/www.silvialucchetti.fr\/index.php\/wp-json\/wp\/v2\/types\/page"}],"author":[{"embeddable":true,"href":"https:\/\/www.silvialucchetti.fr\/index.php\/wp-json\/wp\/v2\/users\/1"}],"replies":[{"embeddable":true,"href":"https:\/\/www.silvialucchetti.fr\/index.php\/wp-json\/wp\/v2\/comments?post=745"}],"version-history":[{"count":6,"href":"https:\/\/www.silvialucchetti.fr\/index.php\/wp-json\/wp\/v2\/pages\/745\/revisions"}],"predecessor-version":[{"id":891,"href":"https:\/\/www.silvialucchetti.fr\/index.php\/wp-json\/wp\/v2\/pages\/745\/revisions\/891"}],"wp:attachment":[{"href":"https:\/\/www.silvialucchetti.fr\/index.php\/wp-json\/wp\/v2\/media?parent=745"}],"curies":[{"name":"wp","href":"https:\/\/api.w.org\/{rel}","templated":true}]}}